{"version":1,"type":"rich","provider_name":"Libsyn","provider_url":"https:\/\/www.libsyn.com","height":90,"width":600,"title":"Nicu \u015etef\u0103nu\u021b\u0103. Ce vor progresi\u015ftii de la Rom\u00e2nia","description":"Progresismul st\u00e2rne\u0219te cele mai multe \u201db\u0103t\u0103lii\u201d \u00een societatea noastr\u0103 \u0219i, \u00een cele mai multe dintre cazuri, pare c\u0103 blocheaz\u0103 bunul mers al lucrurilor. \u0218i pentru c\u0103 vrem s\u0103 \u00een\u021belegem mai bine ce se \u00eent\u00e2mpl\u0103, de fapt, st\u0103m de vorb\u0103 cu Nicu \u0218tef\u0103nu\u021b\u0103, unul dintre pu\u021binii progresi\u0219ti asuma\u021bi \u00een Rom\u00e2nia. Drepturile comunit\u0103\u021bii LGBT, recunoa\u0219tere \u0219i acceptare, ore de educa\u021bie sexual\u0103 pentru elevi, drepturile victimelor abuzurilor, r\u0103zboaiele \u0219i realinierea rela\u021biilor de putere mondial\u0103 sunt doar c\u00e2teva dintre temele acestei discu\u021bii foarte bune. Ne ajut\u0103 fiecare comentariu, like \u0219i share \u0219i v\u0103 mul\u021bumim. ","author_name":"Vorbitorincii-Baricade-Leaders","author_url":"http:\/\/vorbitorincii.libsyn.com\/website","html":"<iframe title=\"Libsyn Player\" style=\"border: none\" src=\"\/\/html5-player.libsyn.com\/embed\/episode\/id\/32805102\/height\/90\/theme\/custom\/thumbnail\/yes\/direction\/forward\/render-playlist\/no\/custom-color\/88AA3C\/\" height=\"90\" width=\"600\" scrolling=\"no\"  allowfullscreen webkitallowfullscreen mozallowfullscreen oallowfullscreen msallowfullscreen><\/iframe>","thumbnail_url":"https:\/\/assets.libsyn.com\/secure\/content\/177091592"}