{"version":1,"type":"rich","provider_name":"Libsyn","provider_url":"https:\/\/www.libsyn.com","height":90,"width":600,"title":"#134 Trauma, Mitgef\u00fchl und Atem","description":"Es ist wieder Frage-Freitag Zeit. In dieser interessanten Folge besch\u00e4ftige ich mich mit H\u00f6rer*innenfragen zum Thema Abgrenzung, Mitgef\u00fchl und Atemtechniken. Alles nat\u00fcrlich, wie immer, mit Bezug auf die Traumathematik dabei. Wie gewohnt begleitet mich Kathie Kleff durch diese Folge. Wir w\u00fcnschen dir viel Inspiration und lehrreiche Erkenntnisse. In dieser Folge erf\u00e4hrst Du:  dass Mitgef\u00fchl etwas anderes ist als Verschmelzung wie fr\u00fche Traumata Abgrenzung erschweren dass wir mit dem Atem unser Nervensystem erreichen k\u00f6nnen wieso Atemtechniken nicht per se f\u00fcr jeden hilfreich sind wieso Atemmuster und Meditation Traumata triggern k\u00f6nnen  SHOWNOTES: Abgrenzung und Verbundenheit \/\/ Podcast #93&amp;nbsp; Abgrenzung bei Entwicklungstrauma \/\/ Podcast #107&amp;nbsp; Die Schattenseiten der Abgrenzung \/\/ Podcast #109&amp;nbsp; Warum Abgrenzung so komplex ist \/\/ Podcast #111 Buch: Traumasensitive Achtsamkeit von David Treleaven ","author_name":"Verena K\u00f6nig Podcast f\u00fcr Kreative Transformation | Traumawissen","author_url":"https:\/\/www.verenakoenig.de","html":"<iframe title=\"Libsyn Player\" style=\"border: none\" src=\"\/\/html5-player.libsyn.com\/embed\/episode\/id\/18376547\/height\/90\/theme\/custom\/thumbnail\/yes\/direction\/forward\/render-playlist\/no\/custom-color\/88AA3C\/\" height=\"90\" width=\"600\" scrolling=\"no\"  allowfullscreen webkitallowfullscreen mozallowfullscreen oallowfullscreen msallowfullscreen><\/iframe>","thumbnail_url":"https:\/\/assets.libsyn.com\/secure\/content\/98694686"}