{"version":1,"type":"rich","provider_name":"Libsyn","provider_url":"https:\/\/www.libsyn.com","height":90,"width":600,"title":"50. Karin Schreil, Managing Director p\u00e5 Fujitsu","description":"Karin Schreil \u00e4r idag Sverigechef f\u00f6r Fujitsu och kommer snart g\u00e5 \u00f6ver till att bli Sverigechef \u00f6ver EVRY. I det femtionde jubileumsavsnittet av Techrekpodden s\u00e5 ber\u00e4ttar Karin om sin karri\u00e4r och de erfarenheter och l\u00e4rdomar hon tagit med sig om ledarskap, krishantering och hur du bygger upp ett starkt team. Vi f\u00e5r ocks\u00e5 h\u00f6ra om trender i teknikkonsultbranschen, m\u00e5ngfaldsarbete och reflektioner om hur det varit att vara kvinna i en mansdominerad bransch.&amp;nbsp; &amp;nbsp; Tack f\u00f6r att du lyssnar p\u00e5 Teckrekpodden! \u00c4r ditt f\u00f6retag i behov av IT-kompetens, h\u00f6r av dig till cj@ants.se&amp;nbsp;eller l\u00e4s mer om hur vi arbetar p\u00e5 ants.se F\u00f6lj oss p\u00e5&amp;nbsp;Linkedin,&amp;nbsp;Facebook&amp;nbsp;och&amp;nbsp;Instagram ","author_name":"Techrekpodden","author_url":"http:\/\/techrekpodden.libsyn.com\/website","html":"<iframe title=\"Libsyn Player\" style=\"border: none\" src=\"\/\/html5-player.libsyn.com\/embed\/episode\/id\/9367586\/height\/90\/theme\/custom\/thumbnail\/yes\/direction\/forward\/render-playlist\/no\/custom-color\/88AA3C\/\" height=\"90\" width=\"600\" scrolling=\"no\"  allowfullscreen webkitallowfullscreen mozallowfullscreen oallowfullscreen msallowfullscreen><\/iframe>","thumbnail_url":"https:\/\/assets.libsyn.com\/secure\/content\/39681521"}