{"version":1,"type":"rich","provider_name":"Libsyn","provider_url":"https:\/\/www.libsyn.com","height":90,"width":600,"title":"Delad data mellan v\u00e5rd och omsorg","description":"Vilken information ska f\u00e5 delas mellan akt\u00f6rer inom v\u00e5rd, omsorg och socialtj\u00e4nst? Vad \u00e4r v\u00e4rdet av datadelning f\u00f6r patienten, omsorgsmottagaren och personalen? Regeringens s\u00e4rskilde utredare S\u00f6ren \u00d6man presenterar delbet\u00e4nkandet i utredningen om sammanh\u00e5llen information inom v\u00e5rd och omsorg. Medverkande Karl Fors, l\u00e4nssamordnare och chef f\u00f6r digital verksamhetsutveckling vid de v\u00e4stsvenska kommunalf\u00f6rbundens samorganisation V\u00e4stKom Maria Green-Gadelius, kvalitets- och h\u00e5llbarhetsdirekt\u00f6r, Ambea Cecilia Magnusson Sj\u00f6berg, professor i juridik och \u00e4mnesf\u00f6rest\u00e5ndare f\u00f6r r\u00e4ttsinformatik vid Stockholms universitet. F\u00f6rfattare till SNS-rapporten&amp;nbsp;E-h\u00e4lsa som app \u2013 datadelning och dataskydd S\u00f6ren \u00d6man, s\u00e4rskild utredare&amp;nbsp;Sammanh\u00e5llen information inom v\u00e5rd och omsorg Samtalet leds av&amp;nbsp;Gabriella Chirico Willstedt, forskningsledare vid SNS. ","author_name":"SNS Kunskap","author_url":"https:\/\/sns.se","html":"<iframe title=\"Libsyn Player\" style=\"border: none\" src=\"\/\/html5-player.libsyn.com\/embed\/episode\/id\/17997155\/height\/90\/theme\/custom\/thumbnail\/yes\/direction\/forward\/render-playlist\/no\/custom-color\/88AA3C\/\" height=\"90\" width=\"600\" scrolling=\"no\"  allowfullscreen webkitallowfullscreen mozallowfullscreen oallowfullscreen msallowfullscreen><\/iframe>","thumbnail_url":"https:\/\/assets.libsyn.com\/secure\/item\/17997155"}