{"version":1,"type":"rich","provider_name":"Libsyn","provider_url":"https:\/\/www.libsyn.com","height":90,"width":600,"title":"83. Antirasismens blinda fl\u00e4ck","description":"F\u00f6r de flesta kom f\u00f6rd\u00f6mandet av Hamas attacker i Israel den 7 oktober som en sj\u00e4lvklarhet. Men i de efterf\u00f6ljande reaktionerna fanns ocks\u00e5 exempel p\u00e5 relativisering och f\u00f6rskjutande av skuldfr\u00e5gan. Som att Israel hade sig sj\u00e4lv att skylla, eller att civila israeliska judar \u2013 unga p\u00e5 en festival, barn, m\u00f6drar, pappor och \u00e4ldre p\u00e5 Israeliska kibbutzers liv inte var s\u00f6rjbara. P\u00e5 grund av den r\u00e5dande politiken i Israel eller sj\u00e4lva nationens tillblivelse. Ofta kom de r\u00f6sterna fr\u00e5n v\u00e4nsterh\u00e5ll. Och \u00e4ven innan den senaste tidens h\u00e4ndelseutveckling i Israel-Palestina har v\u00e4nsterr\u00f6relser b\u00e5de i Sverige och internationellt \u00e5terkommande kritiserats f\u00f6r sammanblandning av Israelkritik och judar, hur de anv\u00e4nder begreppet antisionism. Eller f\u00f6r att i sin kamp mot imperialism, kapitalism och den globala maktordningen kroka arm med konspirationsteoretiker eller sj\u00e4lv hemfalla \u00e5t konspirationsteorier om judisk makt. Har den politiska v\u00e4nstern ett specifikt problem med judar och judehat? Hur bra \u00e4r antirasister p\u00e5 att k\u00e4nna igen antisemitism som den specifika form av rasism det \u00e4r? Och hur kan vi ta hj\u00e4lp av historien f\u00f6r att orientera oss kring begrepp som sionism, antisionism och antisemitism som i dag kommer till uttryck? G\u00e4ster i studion \u00e4r historikern Lars M Andersson och Expos vd Daniel Poohl. Programledare \u00e4r Anna Fr\u00f6jd. Ansvarig utgivare: Daniel Poohl --- L\u00e4s mer: Israelkritik urs\u00e4ktar inte antisemitism (Erik Glaad, 2023):  https:\/\/expo.se\/2023\/11\/sprid-inte-antisemitism-i-din-israelkritik&amp;nbsp; Studio Expo: Antisemitismen 85 \u00e5r efter novermpogromen (2023):  https:\/\/expo.se\/fakta\/podcasts\/antisemitismen-85-ar-efter-novemberpogromen&amp;nbsp; V\u00e4gen till F\u00f6rintelsen visar vikten av att reagera (Daniel Poohl, 2023):  https:\/\/expo.se\/2023\/11\/vagen-till-forintelsen-visar-pa-vikten-av-att-reagera&amp;nbsp; V-politiker i Blekinge utesluts efter Expos granskning (Erik Glaad, 2023):  https:\/\/expo.se\/2023\/02\/v-politiker-i-blekinge-utesluts-efter-expos-granskning&amp;nbsp; Det v\u00e5ras f\u00f6r r\u00f6d nationalism (Mette Carlbom &amp;amp; Johan Nordqvist 2020): https:\/\/expo.se\/det-varas-for-rod-nationalism Prenumerera p\u00e5 Tidskriften Expo:&amp;nbsp;https:\/\/expo.se\/tidskriften\/prenumerera&amp;nbsp; --- Studio Expo ger dig som lyssnar f\u00f6rdjupningar om v\u00e5ra avsl\u00f6janden, mer om v\u00e5ra granskningar och analyser av h\u00f6gextrema tendenser. Varje vecka i din poddspelare! Expo \u00e4r en religi\u00f6st och partipolitiskt obunden stiftelse. Vi har granskat och bevakat extremh\u00f6gern sedan 1995 \u2013 f\u00f6r en levande demokrati d\u00e4r rasistiska id\u00e9er och organisationer saknar inflytande. ","author_name":"Studio Expo","author_url":"http:\/\/expo.se","html":"<iframe title=\"Libsyn Player\" style=\"border: none\" src=\"\/\/html5-player.libsyn.com\/embed\/episode\/id\/28973073\/height\/90\/theme\/custom\/thumbnail\/yes\/direction\/forward\/render-playlist\/no\/custom-color\/88AA3C\/\" height=\"90\" width=\"600\" scrolling=\"no\"  allowfullscreen webkitallowfullscreen mozallowfullscreen oallowfullscreen msallowfullscreen><\/iframe>","thumbnail_url":"https:\/\/assets.libsyn.com\/secure\/content\/164749303"}