{"version":1,"type":"rich","provider_name":"Libsyn","provider_url":"https:\/\/www.libsyn.com","height":90,"width":600,"title":"55. Det nationalistiska f\u00f6rsta maj","description":"F\u00f6r m\u00e5nga i Sverige inneb\u00e4r f\u00f6rsta maj att gator och torg fylls av r\u00f6da fanor och budskap om klasskamp, solidaritet och j\u00e4mlikhet. Representationen \u00e4r bred, fr\u00e5n socialdemokrater till anarkister och autonoma v\u00e4nsteraktivister \u2013 men p\u00e5 den andra \u00e4nden av den politiska skalan finns en extremh\u00f6ger som ocks\u00e5 k\u00e4nner \u00e4garskap.&amp;nbsp; En extremh\u00f6ger som g\u00e4rna vill h\u00e4vda att dagen tillh\u00f6r dem lika mycket som den tillh\u00f6r arbetarr\u00f6relsen. I \u00e5r manifesterar b\u00e5de Alternativ f\u00f6r Sverige och Nordiska motst\u00e5ndsr\u00f6relsen p\u00e5 olika platser i landet. Varf\u00f6r har vi genom \u00e5ren sett h\u00f6gerextrema f\u00f6rsta maj-t\u00e5g i Sverige? Vad har extremh\u00f6gern f\u00f6r relation till arbetarr\u00f6relsen? Och vad har SD f\u00f6r relation till helgdagen? Programledare: Anna Fr\u00f6jd G\u00e4ster i studion g\u00f6r journalisten Anna-Lena Lodenius och Expos vd Daniel Poohl. Ansvarig utgivare: Daniel Poohl --- L\u00e4stips Historien SD (inte?) vill begrava (2021):&amp;nbsp;https:\/\/expo.se\/historien-sd-inte-vill-begrava \u00c5kessons ok\u00e4nda skrift \u2013 ansl\u00f6t sig under nazibelastad period (2015):&amp;nbsp;https:\/\/expo.se\/2015\/11\/%C3%A5kessons-ok%C3%A4nda-skrift-ansl%C3%B6t-sig-under-nazibelastad-period Jimmies v\u00e4g till toppen (2011): https:\/\/expo.se\/2011\/01\/jimmies-v%C3%A4g-till-toppen Det v\u00e5ras f\u00f6r r\u00f6d nationalism (2020):&amp;nbsp;https:\/\/expo.se\/det-v%C3%A5ras-f%C3%B6r-r%C3%B6d-nationalism --- Studio Expo ger dig som lyssnar f\u00f6rdjupningar om v\u00e5ra avsl\u00f6janden, mer om v\u00e5ra granskningar och analyser av h\u00f6gextrema tendenser. Varje vecka i din poddspelare! Expo \u00e4r en religi\u00f6st och partipolitiskt obunden stiftelse. Vi har granskat och bevakat extremh\u00f6gern sedan 1995 \u2013 f\u00f6r en levande demokrati d\u00e4r rasistiska id\u00e9er och organisationer saknar inflytande. ","author_name":"Studio Expo","author_url":"http:\/\/expo.se","html":"<iframe title=\"Libsyn Player\" style=\"border: none\" src=\"\/\/html5-player.libsyn.com\/embed\/episode\/id\/26672817\/height\/90\/theme\/custom\/thumbnail\/yes\/direction\/forward\/render-playlist\/no\/custom-color\/88AA3C\/\" height=\"90\" width=\"600\" scrolling=\"no\"  allowfullscreen webkitallowfullscreen mozallowfullscreen oallowfullscreen msallowfullscreen><\/iframe>","thumbnail_url":"https:\/\/assets.libsyn.com\/secure\/content\/150905526"}