{"version":1,"type":"rich","provider_name":"Libsyn","provider_url":"https:\/\/www.libsyn.com","height":90,"width":600,"title":"131. Skolg\u00e5rdsrasismen i \u00c4lvdalen lockar extremh\u00f6gern","description":"\u00c4lvdalen i Dalarna har under h\u00f6stterminen skakats av slagsm\u00e5l med rasistiska f\u00f6rtecken mellan grundskoleelever. Skolan har vittnat om att det handlar om m\u00f6rka barn mot ljusa barn, att slagsm\u00e5l filmas och sprids p\u00e5 sociala medier och att nazistiskt klotter ristats p\u00e5 skolans v\u00e4ggar och b\u00e4nkar. B\u00e5de socialtj\u00e4nst, polis och fritidsverksamheten \u00e4r inkopplade f\u00f6r att arbeta med problematiken. Nu har extremh\u00f6gern f\u00e5tt upp \u00f6gonen f\u00f6r h\u00e4ndelsen och ser ett tillf\u00e4lle att b\u00e5de rekrytera och mobilisera. \u00c4lvdalen \u00e4r det senaste uppm\u00e4rksammade exemplet men l\u00e4rare \u00f6ver hela Sverige vittnar om \u00f6kande problem med rasism och andra kr\u00e4nkande uttryck och attityder p\u00e5 skolorna och om \u00f6kad f\u00f6rekomst av hot och v\u00e5ld. Hur trygga \u00e4r svenska skolor f\u00f6r minoritetsgrupper? Hur p\u00e5verkar rasistiska attityder i samh\u00e4llet i stort barnen? Och hur jobbar extremh\u00f6gern f\u00f6r att dra nytta av och p\u00e5verka barn och unga till f\u00f6rm\u00e5n f\u00f6r sitt egna politiska projekt? G\u00e4ster \u00e4r Klara Ljungberg, utbildningsansvarig p\u00e5 Expo och Expos researcher och utbildare Jonathan Leman. Programledare: Anna Fr\u00f6jd --- L\u00e4s mer: Daniel Poohl: Expos \u00e5rsrapport \u2013 en ny generation aktivister med v\u00e5ldsdr\u00f6mmar (2024):&amp;nbsp;https:\/\/expo.se\/analys\/expos-arsrapport-en-ny-generation-aktivister-med-valdsdrommar\/&amp;nbsp; H\u00e4r tr\u00e4nar nazisterna n\u00e4rstrid i kommunlokal (Erik Glaad, 2023):  https:\/\/expo.se\/nyhet\/har-tranar-nazisterna-i-kommunens-traningshall\/&amp;nbsp; Studio Expo: Lokala slagsm\u00e5lsklubbar (2023): https:\/\/expo.se\/podcasts\/lokala-slagsmalsklubbar\/&amp;nbsp; H\u00f6gerextrem grupp och fotbollsfirma i slagsm\u00e5l (Dalsbro, Leman 2023):  https:\/\/expo.se\/nyhet\/hogerextrem-grupp-och-fotbollsfirma-i-slagsmal\/&amp;nbsp; &amp;nbsp; Expo beh\u00f6ver ditt st\u00f6d Bli m\u00e5nadsgivare h\u00e4r:&amp;nbsp;https:\/\/expo.se\/stod-expo\/manadsgivare\/&amp;nbsp; Prenumerera p\u00e5 Expo:&amp;nbsp;https:\/\/expo.se\/tidskriften\/prenumerera&amp;nbsp; --- Studio Expo ger dig&amp;nbsp;som lyssnar f\u00f6rdjupningar om v\u00e5ra avsl\u00f6janden, mer om v\u00e5ra granskningar och analyser av h\u00f6gextrema tendenser. Varje vecka i din poddspelare! Expo \u00e4r en religi\u00f6st och partipolitiskt obunden stiftelse. Vi har granskat och bevakat extremh\u00f6gern sedan 1995 \u2013 f\u00f6r en levande demokrati d\u00e4r rasistiska id\u00e9er och organisationer saknar inflytande. St\u00f6d v\u00e5r verksamhet genom att&amp;nbsp;bli m\u00e5nadsgivare&amp;nbsp;eller swisha en slant till&amp;nbsp;123 271 02 59. ","author_name":"Studio Expo","author_url":"http:\/\/expo.se","html":"<iframe title=\"Libsyn Player\" style=\"border: none\" src=\"\/\/html5-player.libsyn.com\/embed\/episode\/id\/34079061\/height\/90\/theme\/custom\/thumbnail\/yes\/direction\/forward\/render-playlist\/no\/custom-color\/88AA3C\/\" height=\"90\" width=\"600\" scrolling=\"no\"  allowfullscreen webkitallowfullscreen mozallowfullscreen oallowfullscreen msallowfullscreen><\/iframe>","thumbnail_url":"https:\/\/assets.libsyn.com\/secure\/content\/181432011"}