{"version":1,"type":"rich","provider_name":"Libsyn","provider_url":"https:\/\/www.libsyn.com","height":90,"width":600,"title":"79. Antisemitismen 85 \u00e5r efter novemberpogromen","description":"  Natten mellan den 9 och 10 november 1938, det som kom att kallas Kristallnatten, var kulmen av novemberpogromerna i Nazityskland d\u00e5 drygt 400 judar d\u00f6dades eller begick sj\u00e4lvmord och upp till 30 000 arresterades och f\u00f6rdes till koncentrationsl\u00e4ger.    Det som aktiverades d\u00e5 var en antisemitism och ett judehat med historiska r\u00f6tter som str\u00e4cker sig s\u00e5 l\u00e5ngt tillbaka som till medeltiden. Och det \u00e4r samma antisemitism som nu aktiveras igen.    I dag, 85 \u00e5r senare, ser vi i sp\u00e5ren efter den upptrappade konflikten mellan Israel och Hamas \u00e5terigen ett \u00f6kat uttryck f\u00f6r judehat runt om i v\u00e4rlden och i Sverige.  &amp;nbsp;   Hur p\u00e5verkar den nya situationen judar i Sverige? Hur tar sig hatet mot judar&amp;nbsp; uttryck och g\u00f6rs det tillr\u00e4ckligt f\u00f6r att motverka den h\u00e4r utvecklingen? Programledare: Anna Fr\u00f6jd G\u00e4ster i studion \u00e4r Mathan Shastin Ravid fr\u00e5n Svenska kommit\u00e9n mot antisemitism och Expos researcher Morgan Finnsi\u00f6. Ansvarig utgivare: Daniel Poohl --- L\u00e4s mer:  Daniel Poohl \u2013 V\u00e4gen till F\u00f6rintelsen visar p\u00e5 vikten av att reagera (2023):  https:\/\/expo.se\/2023\/11\/vagen-till-forintelsen-visar-pa-vikten-av-att-reagera HMF-anm\u00e4lningar \u00f6kar \u2013 judar allt mer utsatta (Erik Glaad, 2023):  https:\/\/expo.se\/2023\/10\/hmf-anmalningar-okar-hos-polisen-ett-okat-hot Daniel Poohl \u2013 Hatet \u00f6kar i sp\u00e5ren av krig och terror (2023): https:\/\/expo.se\/2023\/10\/hatet-okar-i-sparen-av-terror-och-krig --- H\u00e4lsa din pappa fr\u00e5n oss p\u00e5 fars dag genom att swisha ett bidrag!&amp;nbsp;https:\/\/expo.se\/farsdag Bil prenumerant p\u00e5 Tidskriften Expo:&amp;nbsp;https:\/\/expo.se\/tidskriften\/prenumerera&amp;nbsp; --- Studio Expo ger dig som lyssnar f\u00f6rdjupningar om v\u00e5ra avsl\u00f6janden, mer om v\u00e5ra granskningar och analyser av h\u00f6gextrema tendenser. Varje vecka i din poddspelare! Expo \u00e4r en religi\u00f6st och partipolitiskt obunden stiftelse. Vi har granskat och bevakat extremh\u00f6gern sedan 1995 \u2013 f\u00f6r en levande demokrati d\u00e4r rasistiska id\u00e9er och organisationer saknar inflytande. ","author_name":"Studio Expo","author_url":"http:\/\/expo.se","html":"<iframe title=\"Libsyn Player\" style=\"border: none\" src=\"\/\/html5-player.libsyn.com\/embed\/episode\/id\/28566793\/height\/90\/theme\/custom\/thumbnail\/yes\/direction\/forward\/render-playlist\/no\/custom-color\/88AA3C\/\" height=\"90\" width=\"600\" scrolling=\"no\"  allowfullscreen webkitallowfullscreen mozallowfullscreen oallowfullscreen msallowfullscreen><\/iframe>","thumbnail_url":"https:\/\/assets.libsyn.com\/secure\/content\/163583293"}