{"version":1,"type":"rich","provider_name":"Libsyn","provider_url":"https:\/\/www.libsyn.com","height":90,"width":600,"title":"147. NPF-diagnoser och radikalisering","description":" Den 10 januari 2022 g\u00e5r en 16-\u00e5rig pojke till attack med kniv mot en l\u00e4rare och tv\u00e5 elever p\u00e5 en skola i Kristianstad. Attacken hade han planerat en l\u00e4ngre tid men innan d\u00e5det fanns det flera varningssignaler och en oro bland vuxna i barnets n\u00e4rhet.&amp;nbsp;   I pojkens dator hittades dokument som visade att han inspirerats av tidigare skold\u00e5d och nazism. Pojken hade ocks\u00e5 f\u00f6rberett ett brev innan attacken d\u00e4r han ber\u00e4ttade mer om sig sj\u00e4lv. Bland annat att han har vad han sj\u00e4lv beskriver som Asbergers och ADHD.   Neuropsykiatriska funktionsvariationer lyfts allt oftare i diskussioner om v\u00e5ldsbejakande extremism och ensamagerande g\u00e4rningspersoner. Inneb\u00e4r en NPF-problematik en extra s\u00e5rbarhet f\u00f6r radikalisering? Vad lockar fascismen och nazismen med? Och finns det ett bekr\u00e4ftat samband mellan neuropsykiatrisk funktionsvariation, radikalisering och risken f\u00f6r v\u00e5ld?   G\u00e4st i studion \u00e4r Morgan Finnsi\u00f6, researcher och utbildare p\u00e5 Expo.   Programledare: Anna Fr\u00f6jd --- L\u00e4s mer: Misst\u00e4nks f\u00f6r skolattack \u2013 var v\u00e4n med d\u00f6md f\u00f6r Esl\u00f6vd\u00e5det (Anders Dalsbro, 2022): https:\/\/expo.se\/nyhet\/misstankt-var-van-med-domd-for-eslovdadet\/&amp;nbsp; Morgan Finnsi\u00f6: Hur m\u00e5nga fler ska m\u00f6rdas p\u00e5 svenska skolor? (2022):  https:\/\/expo.se\/kommentar\/hur-manga-fler-ska-mordas-pa-svenska-skolor\/&amp;nbsp; Daniel Poohl: L\u00e5t mordet i Almedalen bli en v\u00e4ckarklocka (2023):  https:\/\/expo.se\/kommentar\/lat-mordet-i-almedalen-bli-en-vackarklocka\/&amp;nbsp; Studio Expo: S\u00e5 dras unga in i extremh\u00f6gern (2024): https:\/\/expo.se\/podcasts\/sa-dras-unga-i-extremhogern\/&amp;nbsp; Expo beh\u00f6ver ditt st\u00f6d Bli m\u00e5nadsgivare h\u00e4r:&amp;nbsp;https:\/\/expo.se\/stod-expo\/manadsgivare\/&amp;nbsp; Prenumerera p\u00e5 Expo:&amp;nbsp;https:\/\/expo.se\/tidskriften\/prenumerera&amp;nbsp; --- Studio Expo ger dig&amp;nbsp;som lyssnar f\u00f6rdjupningar om v\u00e5ra avsl\u00f6janden, mer om v\u00e5ra granskningar och analyser av h\u00f6gextrema tendenser. Varje vecka i din poddspelare! Expo \u00e4r en religi\u00f6st och partipolitiskt obunden stiftelse. Vi har granskat och bevakat extremh\u00f6gern sedan 1995 \u2013 f\u00f6r en levande demokrati d\u00e4r rasistiska id\u00e9er och organisationer saknar inflytande. St\u00f6d v\u00e5r verksamhet genom att&amp;nbsp;bli m\u00e5nadsgivare&amp;nbsp;eller swisha en slant till&amp;nbsp;123 271 02 59. ","author_name":"Studio Expo","author_url":"http:\/\/expo.se","html":"<iframe title=\"Libsyn Player\" style=\"border: none\" src=\"\/\/html5-player.libsyn.com\/embed\/episode\/id\/35791895\/height\/90\/theme\/custom\/thumbnail\/yes\/direction\/forward\/render-playlist\/no\/custom-color\/88AA3C\/\" height=\"90\" width=\"600\" scrolling=\"no\"  allowfullscreen webkitallowfullscreen mozallowfullscreen oallowfullscreen msallowfullscreen><\/iframe>","thumbnail_url":"https:\/\/assets.libsyn.com\/secure\/content\/186020935"}