{"version":1,"type":"rich","provider_name":"Libsyn","provider_url":"https:\/\/www.libsyn.com","height":90,"width":600,"title":"\u017barty si\u0119 sko\u0144czy\u0142y. Olaf Lubaszenko ","description":"Rozmowa pe\u0142na doskona\u0142ych pyta\u0144 i r\u00f3wnie wspania\u0142ych odpowiedzi. Olaf Lubaszenko opowiada o tym, sk\u0105d wzi\u0119\u0142y si\u0119 bunkry i Anna Mucha w \u201eCh\u0142opaki nie p\u0142acz\u0105\u201d, a tak\u017ce wspomina czas tremy na scenie. Co ciekawe, one wcale nie min\u0119\u0142y. Jakie zadania dostawa\u0142 jako asystent Krzysztofa Kie\u015blowskiego? Czy 12 lat to dobry wiek na rozpoczynanie kariery? Co zrobi\u0107, gdy zaczynasz przyzwyczaja\u0107 si\u0119 do smutku? Rozmawiamy o nowych projektach, dawnych czasach imprez i depresji, z kt\u00f3r\u0105 nie wolno sobie radzi\u0107 samemu. Dlaczego nie odwa\u017cy\u0142 si\u0119 obejrze\u0107 \u201eWieloryba\u201d i kiedy p\u0142aka\u0142 w samolocie? Zapraszamy na spotkanie z Olafem Lubaszenko. Czy Lubaszenk\u0105? Niewa\u017cne jak, byle po nazwisku. Partnerami komercyjnymi podcastu s\u0105 marki Wedel, Play oraz Body Chief.&amp;nbsp; ","author_name":"Wojew\u00f3dzkiK\u0119dzierski","author_url":"http:\/\/sites.libsyn.com\/405791\/website","html":"<iframe title=\"Libsyn Player\" style=\"border: none\" src=\"\/\/html5-player.libsyn.com\/embed\/episode\/id\/28537403\/height\/90\/theme\/custom\/thumbnail\/yes\/direction\/forward\/render-playlist\/no\/custom-color\/424242\/\" height=\"90\" width=\"600\" scrolling=\"no\"  allowfullscreen webkitallowfullscreen mozallowfullscreen oallowfullscreen msallowfullscreen><\/iframe>","thumbnail_url":"https:\/\/assets.libsyn.com\/secure\/content\/163497977"}