{"version":1,"type":"rich","provider_name":"Libsyn","provider_url":"https:\/\/www.libsyn.com","height":90,"width":600,"title":"159. Dise\u00f1a objetivos que realmente cumplas","description":"En este episodio te voy a apoyar a entender por qu\u00e9 a veces no logramos nuestras metas y, lo m\u00e1s importante, c\u00f3mo dise\u00f1ar objetivos claros y alcanzables.&amp;nbsp; Compartir\u00e9 estrategias pr\u00e1cticas para superar la procrastinaci\u00f3n, el miedo y el autosabotaje, mientras creas un plan que te mantenga enfocada y motivada. Es el momento de transformar tus metas en un motor de cambio, cerrar el a\u00f1o con intenci\u00f3n y comenzar el nuevo con claridad y prop\u00f3sito. \ud83d\udc49 \u00bfEst\u00e1s lista para dar el primer paso? \u00danete a nuestro Reto de 21 D\u00edas de Valent\u00eda y sal de tu zona c\u00f3moda y transforma tu vida.&amp;nbsp; Acomp\u00e1\u00f1ame y reta tu zona de confort. \ud83d\ude80 Reto inicia el 13 de enero de 2025. \ud83c\udf89 Llamada de bienvenida el 12 de enero de 2025. Este es tu momento de desafiar miedos, romper creencias limitantes y liderarte con valent\u00eda hacia un a\u00f1o lleno de crecimiento, autenticidad y prop\u00f3sito. No esperes m\u00e1s, porque tu mejor versi\u00f3n est\u00e1 m\u00e1s cerca de lo que crees. \ud83d\udca5 Inscr\u00edbete hoy mismo y prep\u00e1rate para un 2025 extraordinario. Visita la p\u00e1gina&amp;nbsp; https:\/\/www.emocionalmentefuerte.com\/reto2025 https:\/\/www.emocionalmentefuerte.com\/reto2025 https:\/\/www.emocionalmentefuerte.com\/reto2025 &amp;nbsp; &amp;nbsp;\ud83d\udce7 info@wandapineiro.com \ud83d\udce7emocionalmentefuerte@gmail.com&amp;nbsp;&amp;nbsp; Gracias por suscribirte al podcast y por formar parte de la comunidad Emocionalmente Fuerte. Si la informaci\u00f3n que te comparto es de valor para ti me encantar\u00eda que dejes una rese\u00f1a y que me regales tu valoraci\u00f3n de 5&amp;nbsp; \u2b50\ufe0f \u2b50\ufe0f \u2b50\ufe0f \u2b50\ufe0f \u2b50\ufe0f.&amp;nbsp; Esto me apoya a que m\u00e1s personas como t\u00fa descubran y se beneficien de esta informaci\u00f3n.&amp;nbsp; \u00a1Hasta la pr\u00f3xima semana! Bendiciones. \ud83c\udf43\ud83d\udc9c\ud83c\udf43 \ufe0f\u3030\ufe0f\u3030\ufe0f\u3030\ufe0f S\u00edgueme en  Facebook y en Instagram &amp;nbsp; &amp;nbsp; Aviso: La informaci\u00f3n provista en el podcast Emocionalmente Fuerte es de car\u00e1cter educativo. No tiene como fin diagnosticar, ni sustituye una intervenci\u00f3n o tratamiento con su profesional de ayuda. No es una alternativa para el manejo de crisis. De necesitar intervenci\u00f3n, contacte a su profesional de ayuda. ","author_name":"Emocionalmente Fuerte","author_url":"http:\/\/wandapineiro.com","html":"<iframe title=\"Libsyn Player\" style=\"border: none\" src=\"\/\/html5-player.libsyn.com\/embed\/episode\/id\/34662025\/height\/90\/theme\/custom\/thumbnail\/yes\/direction\/forward\/render-playlist\/no\/custom-color\/88AA3C\/\" height=\"90\" width=\"600\" scrolling=\"no\"  allowfullscreen webkitallowfullscreen mozallowfullscreen oallowfullscreen msallowfullscreen><\/iframe>","thumbnail_url":"https:\/\/assets.libsyn.com\/secure\/item\/34662025"}