{"version":1,"type":"rich","provider_name":"Libsyn","provider_url":"https:\/\/www.libsyn.com","height":90,"width":600,"title":"Mitt kvarter till #gr\u00f6najuni","description":"S\u00e5 pepp jag blir n\u00e4r det \u00e4r sol och gott v\u00e4der! Jag har varit ute i tr\u00e4dg\u00e5rden och f\u00f6rberett mitt kvarter till #gr\u00f6najuni - nytt beslut n\u00e4mligen att avs\u00e4tta ett helt kvarter till den h\u00e4r eminenta utmaningen. H\u00f6r vad jag har gjort och hur planerna g\u00e5r. L\u00e4s mer om min tr\u00e4dg\u00e5rd p\u00e5 www.sarabackmo.se. Och varmt v\u00e4lkommen till Skillnadens Handelstr\u00e4dg\u00e5rd, som har \u00f6ppet varje vecka; fredag-s\u00f6ndag klockan 10-16. Av och med Sara B\u00e4ckmo - Skillnadens Tr\u00e4dg\u00e5rd.&amp;nbsp; ","author_name":"Skillnadens av Sara B\u00e4ckmo","author_url":"http:\/\/sarabackmo.se","html":"<iframe title=\"Libsyn Player\" style=\"border: none\" src=\"\/\/html5-player.libsyn.com\/embed\/episode\/id\/26048199\/height\/90\/theme\/custom\/thumbnail\/yes\/direction\/forward\/render-playlist\/no\/custom-color\/88AA3C\/\" height=\"90\" width=\"600\" scrolling=\"no\"  allowfullscreen webkitallowfullscreen mozallowfullscreen oallowfullscreen msallowfullscreen><\/iframe>","thumbnail_url":"https:\/\/assets.libsyn.com\/secure\/item\/26048199"}