{"version":1,"type":"rich","provider_name":"Libsyn","provider_url":"https:\/\/www.libsyn.com","height":90,"width":600,"title":"Zjednoczona Prawica k\u0142\u00f3ci si\u0119 na no\u017ce. Ten zwi\u0105zek si\u0119 ko\u0144czy","description":"\u201ePremierzy s\u0105 jak pionki na szachownicy prezesa. Mo\u017cna ich przesuwa\u0107 dowolnie. Tylko od nastroju Jaros\u0142awa Kaczy\u0144skiego zale\u017cy, czy spadn\u0105 pod stolik. Tylko co ma Daniel Obajtek, czego nie ma Mateusz Morawiecki?\u201d. O tym, co s\u0142ycha\u0107 w sejmowych kuluarach, Dominika D\u0142ugosz rozmawia w pierwszym odcinku podcastu \u201eSpod stolika\u201d z Klaudiuszem Slezakiem, wieloletnim reporterem sejmowym, teraz zwi\u0105zanym z Radiem Nowy \u015awiat.  ","author_name":"Spod Stolika \/ Newsweek Polska","author_url":"https:\/\/www.newsweek.pl\/spod-stolika","html":"<iframe title=\"Libsyn Player\" style=\"border: none\" src=\"\/\/html5-player.libsyn.com\/embed\/episode\/id\/17808521\/height\/90\/theme\/custom\/thumbnail\/yes\/direction\/forward\/render-playlist\/no\/custom-color\/424242\/\" height=\"90\" width=\"600\" scrolling=\"no\"  allowfullscreen webkitallowfullscreen mozallowfullscreen oallowfullscreen msallowfullscreen><\/iframe>","thumbnail_url":"https:\/\/assets.libsyn.com\/secure\/content\/95036963"}