{"version":1,"type":"rich","provider_name":"Libsyn","provider_url":"https:\/\/www.libsyn.com","height":90,"width":600,"title":"Carlos Bonilla y su + Tanz Festival","description":"Carlos Bonilla es un bailar\u00edn profesional y core\u00f3grafo salvadore\u00f1o. Sus primeros pasos como migrante los dio en Barcelona, Espa\u00f1a. El baile, su pasi\u00f3n, lo ha llevado muy lejos, no solo geogr\u00e1ficamente, tambi\u00e9n en el \u00e1mbito profesional y personal. No quiere guardar solo para \u00e9l la riqueza que ha recibido de su pasi\u00f3n por el baile, sino que siente la necesidad de compartirla. Por eso ha creado varios festivales en El Salvador y \u00faltimamente en Europa. Ahora trae a N\u00faremberg del 2 al 4 de junio el festival &quot;+ Tanz&quot;. Esa actividad ha hecho que se crucen nuestros caminos. Reunidos en este podcast compartimos con unstedes un trozo de la biograf\u00eda y de los sue\u00f1os de Carlos Bonilla.&amp;nbsp; Para m\u00e1s informaci\u00f3n sobre el +Tanz Festival visita la p\u00e1gina en Internet: https:\/\/plustanz-in-nuernberg.jimdosite.com\/ y en las redes @plustanz ","author_name":"Latinotopia","author_url":"https:\/\/www.latinotopia.net\/podcast\/","html":"<iframe title=\"Libsyn Player\" style=\"border: none\" src=\"\/\/html5-player.libsyn.com\/embed\/episode\/id\/26840385\/height\/90\/theme\/custom\/thumbnail\/yes\/direction\/forward\/render-playlist\/no\/custom-color\/88AA3C\/\" height=\"90\" width=\"600\" scrolling=\"no\"  allowfullscreen webkitallowfullscreen mozallowfullscreen oallowfullscreen msallowfullscreen><\/iframe>","thumbnail_url":"https:\/\/assets.libsyn.com\/secure\/item\/26840385"}