{"version":1,"type":"rich","provider_name":"Libsyn","provider_url":"https:\/\/www.libsyn.com","height":90,"width":600,"title":"2.3. Ert \u00fe\u00fa me\u00f0 BRCA geni\u00f0?","description":"Vissu\u00f0 \u00fei\u00f0 a\u00f0 vi\u00f0 erum \u00f6ll me\u00f0 BRCA geni\u00f0 og a\u00f0 \u00fea\u00f0 er a\u00f0 finna \u00ed b\u00e6\u00f0i konum og k\u00f6rlum? Vi\u00f0m\u00e6lendur \u00feessarar viku eru samm\u00e1la um a\u00f0 \u00feekking s\u00e9 m\u00e1ttur og telja mikilv\u00e6gt a\u00f0 vi\u00f0 l\u00e1tum \u00f6ll athuga hvort vi\u00f0 berum arfgengu st\u00f6kkbreytinguna sem er a\u00f0 finna \u00ed \u00feessu geni. Vigd\u00eds Stef\u00e1nsd\u00f3ttir erf\u00f0ar\u00e1\u00f0gjafi og Hulda Bjarnad\u00f3ttir fr\u00e6\u00f0a okkur um BRCA geni\u00f0 og hva\u00f0 fj\u00f6lskyldusagan getur skipt miklu m\u00e1li. ","author_name":"Fokk \u00e9g er me\u00f0 krabbamein","author_url":"http:\/\/kraftur.libsyn.com\/website","html":"<iframe title=\"Libsyn Player\" style=\"border: none\" src=\"\/\/html5-player.libsyn.com\/embed\/episode\/id\/15157949\/height\/90\/theme\/custom\/thumbnail\/yes\/direction\/forward\/render-playlist\/no\/custom-color\/88AA3C\/\" height=\"90\" width=\"600\" scrolling=\"no\"  allowfullscreen webkitallowfullscreen mozallowfullscreen oallowfullscreen msallowfullscreen><\/iframe>","thumbnail_url":"https:\/\/assets.libsyn.com\/secure\/item\/15157949"}