{"version":1,"type":"rich","provider_name":"Libsyn","provider_url":"https:\/\/www.libsyn.com","height":90,"width":600,"title":"S\u00e4songsavslutning: Kompetensbrist","description":"I det h\u00e4r programmet avslutas v\u00e5rs\u00e4songen innan ett sommaruppeh\u00e5ll med att prata om ett av de bredaste och mest riskabla problem i s\u00e4kerhetsbranschen, n\u00e4mligen den \u00f6kande kompetensbristen i relation till branschens egen \u00f6kning och efterfr\u00e5gan. Vad b\u00f6r man kanske t\u00e4nka p\u00e5 i samband med rekrytering av ny kompetens? Vad ska man t\u00e4nka p\u00e5 f\u00f6r att f\u00f6ra vidare kompetens efter rekryteringen \u00e4r utf\u00f6rd? Vad har Imposter\u2019s Syndrome med \u00e4mnet att g\u00f6ra, och vad kan man g\u00f6ra f\u00f6r att motverka det hos sig sj\u00e4lv? &amp;nbsp; F\u00f6r er som vill forts\u00e4tta lyssna p\u00e5 S\u00e4kerhetssnack och h\u00e5lla ig\u00e5ng hj\u00e4rnkontoret under sommaruppeh\u00e5llet s\u00e5 kommer det sl\u00e4ppas n\u00e5gra favorit-i-reprisavsnitt ni kan lyssna p\u00e5, s\u00e5 h\u00e5ll utkik! &amp;nbsp; St\u00e4ll g\u00e4rna fr\u00e5gor och f\u00f6resl\u00e5 \u00e4mnen som du vill att Christoffer och Olle ska svara p\u00e5 eller prata om i framtida avsnitt! Skriv till @Sakerhetssnack p\u00e5 twitter! ","author_name":"S\u00e4kerhetssnack","author_url":"https:\/\/www.withsecure.com\/se-sv\/whats-new\/sakerhetssnack","html":"<iframe title=\"Libsyn Player\" style=\"border: none\" src=\"\/\/html5-player.libsyn.com\/embed\/episode\/id\/23555837\/height\/90\/theme\/custom\/thumbnail\/yes\/direction\/forward\/render-playlist\/no\/custom-color\/88AA3C\/\" height=\"90\" width=\"600\" scrolling=\"no\"  allowfullscreen webkitallowfullscreen mozallowfullscreen oallowfullscreen msallowfullscreen><\/iframe>","thumbnail_url":"https:\/\/assets.libsyn.com\/secure\/item\/23555837"}