{"version":1,"type":"rich","provider_name":"Libsyn","provider_url":"https:\/\/www.libsyn.com","height":90,"width":600,"title":"100 \u2013 Sz\u00e1zadik epiz\u00f3d","description":"\u201eAmikor elkezdt\u00fck az eg\u00e9szet, akkor m\u00e1r egy munk\u00e1ban voltam benne - egy t\u00f6bb mint h\u00e1romsz\u00e1z oldalas k\u00f6nyvr\u0151l van sz\u00f3 - a Teleki ikreknek a t\u00f6rt\u00e9nete.\u201d \u2013&amp;nbsp; Ludvig Daniella \u201e\u00dagy gondoltam, hogy m\u00e1sok, akik k\u00fclf\u00f6ld\u00f6n vannak, tal\u00e1n hasonl\u00f3an \u00e9rzik magukat. Tal\u00e1ljuk meg egym\u00e1st! Tudjunk egym\u00e1s dolgair\u00f3l! Mondjuk el, hogy mi t\u00f6rt\u00e9nt vel\u00fcnk, hogy illeszkedt\u00fcnk be!\u201d \u2013 Buchwald Amy &amp;nbsp; &amp;nbsp; &amp;nbsp; http:\/\/abaratsagosszekotaszoosszehoz.libsyn.com\/ &amp;nbsp; &amp;nbsp; aszoosszehoz@gmail.com&amp;nbsp; &amp;nbsp; &amp;nbsp; &amp;nbsp;  &amp;nbsp;  https:\/\/drive.google.com\/open?id=16jIMy0_BKoYrarbtYELctwHfMv_iE66-&amp;amp;usp=sharing&amp;nbsp; &amp;nbsp;&amp;nbsp;  &amp;nbsp;&amp;nbsp;https:\/\/www.facebook.com\/groups\/383671148748549\/&amp;nbsp; &amp;nbsp; &amp;nbsp;&amp;nbsp;&amp;nbsp; &amp;nbsp;&amp;nbsp; https:\/\/www.buymeacoffee.com\/aszoosszehoz&amp;nbsp; ","author_name":"A Szo Osszehoz","author_url":"http:\/\/abaratsagosszekotaszoosszehoz.libsyn.com\/website","html":"<iframe title=\"Libsyn Player\" style=\"border: none\" src=\"\/\/html5-player.libsyn.com\/embed\/episode\/id\/19440809\/height\/90\/theme\/custom\/thumbnail\/yes\/direction\/forward\/render-playlist\/no\/custom-color\/88AA3C\/\" height=\"90\" width=\"600\" scrolling=\"no\"  allowfullscreen webkitallowfullscreen mozallowfullscreen oallowfullscreen msallowfullscreen><\/iframe>","thumbnail_url":"https:\/\/assets.libsyn.com\/secure\/content\/105210743"}